{"id":2885,"date":"2025-07-06T17:37:04","date_gmt":"2025-07-06T15:37:04","guid":{"rendered":"https:\/\/tandlakareutangranser.se\/?page_id=2885"},"modified":"2025-08-19T20:57:31","modified_gmt":"2025-08-19T18:57:31","slug":"samarbetsland-uganda","status":"publish","type":"page","link":"https:\/\/tandlakareutangranser.se\/en\/samarbetsland-uganda\/","title":{"rendered":"Samarbetsland Uganda"},"content":{"rendered":"<p>[et_pb_section fb_built=&#8221;1&#8243; admin_label=&#8221;section&#8221; _builder_version=&#8221;4.16&#8243; global_colors_info=&#8221;{}&#8221;][et_pb_row admin_label=&#8221;row&#8221; _builder_version=&#8221;4.27.4&#8243; background_size=&#8221;initial&#8221; background_position=&#8221;top_left&#8221; background_repeat=&#8221;repeat&#8221; global_colors_info=&#8221;{}&#8221;][et_pb_column type=&#8221;4_4&#8243; _builder_version=&#8221;4.27.4&#8243; custom_padding=&#8221;|||&#8221; global_colors_info=&#8221;{}&#8221; custom_padding__hover=&#8221;|||&#8221;][et_pb_text admin_label=&#8221;Text&#8221; _builder_version=&#8221;4.27.4&#8243; background_size=&#8221;initial&#8221; background_position=&#8221;top_left&#8221; background_repeat=&#8221;repeat&#8221; hover_enabled=&#8221;0&#8243; global_colors_info=&#8221;{}&#8221; sticky_enabled=&#8221;0&#8243;]<\/p>\n<p><!-- divi:paragraph --><\/p>\n<h1><strong>SAMARBETSLAND UGANDA<\/strong><!-- \/divi:paragraph --><\/h1>\n<p><!-- \/divi:paragraph --><\/p>\n<p>[\/et_pb_text][et_pb_divider divider_weight=&#8221;2px&#8221; _builder_version=&#8221;4.27.4&#8243; _module_preset=&#8221;default&#8221; width=&#8221;10%&#8221; module_alignment=&#8221;center&#8221; global_colors_info=&#8221;{}&#8221;][\/et_pb_divider][et_pb_text _builder_version=&#8221;4.27.4&#8243; _module_preset=&#8221;default&#8221; global_colors_info=&#8221;{}&#8221;]<\/p>\n<div class=\"oneComWebmail-v1et_pb_row oneComWebmail-v1et_pb_row_1\">\n<div class=\"oneComWebmail-v1et_pb_column oneComWebmail-v1et_pb_column_3_5 oneComWebmail-v1et_pb_column_2 oneComWebmail-v1et_pb_css_mix_blend_mode_passthrough\">\n<div class=\"oneComWebmail-v1et_pb_module oneComWebmail-v1et_pb_text oneComWebmail-v1et_pb_text_0 oneComWebmail-v1et_pb_text_align_left oneComWebmail-v1et_pb_bg_layout_light\">\n<div class=\"oneComWebmail-v1et_pb_text_inner\">\n<p><span>TLUGs samarbete med Uganda &#8211; &#8221;<em>The Pearl of Africa<\/em>&#8221; &#8211; \u00e4r v\u00e5rt senaste projektland och sker i huvudstaden Kampala. Uganda \u00e4r ett vackert och m\u00e5ngsidigt land i \u00d6stafrika med rik natur best\u00e5ende av regnskogar, savanner, berg och sj\u00f6ar. H\u00e4r ligger \u00e4ven floden Nilens k\u00e4lla. Det finns \u00f6ver 50 etniska grupper i landet men spr\u00e5ken luganda och engelska talas \u00f6verallt.\u00a0<\/span><\/p>\n<p><span>Arbetet p\u00e5g\u00e5r i tv\u00e5 veckor och \u00e4r fyllt av intensivt och givande arbete d\u00e4r man f\u00e5r tr\u00e4ffa barn och unga som aldrig tidigare f\u00e5tt tandv\u00e5rd. Vi kommer att fokusera p\u00e5 preventiv tandv\u00e5rd i form av fissurf\u00f6rseglingar, fluorlackningar, information kring egenv\u00e5rd mm. Vi kommer \u00e4ven utf\u00f6ra akut tandv\u00e5rd p\u00e5 plats. Helgerna \u00e4r man fri att g\u00f6ra vad man \u00f6nskar, det \u00e4r en bra tid f\u00f6r att vila upp sig och sm\u00e4lta de senaste dagarna. Annars finns det gott om aktiviteter.<\/span><\/p>\n<p><span>Uganda \u00e4r ett sp\u00e4nnande tillskott bland v\u00e5ra projekt d\u00e4r samarbetet skiljer sig i form av att vi har grundat ett samarbete med Makerere University. Tandl\u00e4karstudenter fr\u00e5n Makerere kommer f\u00f6lja med v\u00e5ra TLUG volont\u00e4rer ut och arbeta under dagarna. P\u00e5 s\u00e5 vis maximerar vi kunskap och utbyte sinsemellan p\u00e5 ett effektivt s\u00e4tt. Det underl\u00e4ttar \u00e4ven uppf\u00f6ljningar och utv\u00e4rderingar f\u00f6r tandv\u00e5rdsprojekten i skolorna l\u00e5ngsiktigt. De barnen som har ett st\u00f6rre behandlingsbehov kommer \u00e4ven f\u00e5 v\u00e5rd hos dessa studenter p\u00e5 universitetet.\u00a0<\/span><span><\/span><\/p>\n<p><span>Vem vi s\u00f6ker:<br \/>Vi s\u00f6ker nu <strong>tandhygienister<\/strong>, <strong>tandl\u00e4kare<\/strong> and <strong>tandsk\u00f6terskor<\/strong> med klinisk och social kompetens som har en l\u00e4ttsam och flexibel inst\u00e4llning.<br \/>Sj\u00e4lvklart v\u00e4lkomnar vi ans\u00f6kningar \u00e4ven fr\u00e5n er utan ovan erfarenhet, f\u00f6rdelaktigt med erfarenhet av sjukv\u00e5rd och omsorg av barn eller fr\u00e5n v\u00e5rden.<\/span><\/p>\n<\/div>\n<\/div>\n<\/div>\n<\/div>\n<p>[\/et_pb_text][et_pb_divider divider_weight=&#8221;2px&#8221; _builder_version=&#8221;4.27.4&#8243; _module_preset=&#8221;default&#8221; width=&#8221;10%&#8221; module_alignment=&#8221;center&#8221; global_colors_info=&#8221;{}&#8221;][\/et_pb_divider][\/et_pb_column][\/et_pb_row][et_pb_row column_structure=&#8221;1_2,1_2&#8243; _builder_version=&#8221;4.27.4&#8243; _module_preset=&#8221;default&#8221; custom_margin=&#8221;|auto|50px|auto||&#8221; global_colors_info=&#8221;{}&#8221;][et_pb_column type=&#8221;1_2&#8243; _builder_version=&#8221;4.27.4&#8243; _module_preset=&#8221;default&#8221; global_colors_info=&#8221;{}&#8221;][et_pb_text _builder_version=&#8221;4.27.4&#8243; _module_preset=&#8221;default&#8221; hover_enabled=&#8221;0&#8243; global_colors_info=&#8221;{}&#8221; sticky_enabled=&#8221;0&#8243;]<\/p>\n<h2><span style=\"text-decoration: underline;\">Country Manager<\/span><\/h2>\n<h4><strong>Shadi Rahmani<\/strong><\/h4>\n<h5><a href=\"mailto:shadi@tandlakareutangranser.se\">shadi@tandlakareutangranser.se<\/a><\/h5>\n<p>&nbsp;<\/p>\n<p>&nbsp;<\/p>\n<p><!-- \/divi:paragraph --><!-- divi:paragraph -->[\/et_pb_text][\/et_pb_column][et_pb_column type=&#8221;1_2&#8243; _builder_version=&#8221;4.27.4&#8243; _module_preset=&#8221;default&#8221; global_colors_info=&#8221;{}&#8221;][et_pb_text _builder_version=&#8221;4.27.4&#8243; _module_preset=&#8221;default&#8221; global_colors_info=&#8221;{}&#8221;]<\/p>\n<p><strong style=\"color: #333333; font-size: 30px;\">REGISTRATION:<\/strong><\/p>\n<p><span style=\"font-size: 14px;\">Send your application to <\/span><a href=\"mailto:shadi@tandlakareutangranser.se\"><strong style=\"font-size: 14px;\">shadi@tandlakareutangranser.se<\/strong><\/a><\/p>\n<p><span style=\"text-decoration: underline;\">We would like the following information from you:<\/span><\/p>\n<p>\u00a0<!-- divi:paragraph --><span style=\"font-size: 14px;\"><strong>1.<\/strong> Namn, efternamn<br \/><\/span><span style=\"font-size: 14px;\"><strong>2.<\/strong> Yrkeskategori och yrkesverksamma \u00e5r<br \/><\/span><span style=\"font-size: 14px;\"><strong>3.<\/strong> Har du varit volont\u00e4r tidigare i Sverige eller utlandet? I s\u00e5 fall n\u00e4r och var?<br \/><\/span><span style=\"font-size: 14px;\"><strong>4.<\/strong> Varf\u00f6r vill du vara volont\u00e4r hos oss?<br \/><\/span><!-- divi:paragraph --><strong>5.<\/strong> Personlig motivering och din syn p\u00e5 vad du kan tillf\u00f6ra projektet.<\/p>\n<p><strong>Tack f\u00f6r visat intresse &#8211; Vi kommer att svara s\u00e5 fort vi kan, vanligtvis inom 2-3 dagar!<\/strong><\/p>\n<p>[\/et_pb_text][\/et_pb_column][\/et_pb_row][\/et_pb_section]<\/p>","protected":false},"excerpt":{"rendered":"<p>SAMARBETSLAND UGANDA TLUGs samarbete med Uganda &#8211; &#8221;The Pearl of Africa&#8221; &#8211; \u00e4r v\u00e5rt senaste projektland och sker i huvudstaden Kampala. Uganda \u00e4r ett vackert och m\u00e5ngsidigt land i \u00d6stafrika med rik natur best\u00e5ende av regnskogar, savanner, berg och sj\u00f6ar. H\u00e4r ligger \u00e4ven floden Nilens k\u00e4lla. Det finns \u00f6ver 50 etniska grupper i landet men [&hellip;]<\/p>","protected":false},"author":5,"featured_media":0,"parent":0,"menu_order":0,"comment_status":"closed","ping_status":"closed","template":"","meta":{"_et_pb_use_builder":"on","_et_pb_old_content":"<!-- wp:paragraph -->\n<p><\/p>\n<!-- \/wp:paragraph -->\n\n<!-- wp:paragraph -->\n<p><strong><em>Landsansvarig: Alexandra Rogushina<\/em><\/strong><\/p>\n<!-- \/wp:paragraph -->\n\n<!-- wp:paragraph -->\n<p>alexandra@tandlakareutangranser.se<\/p>\n<!-- \/wp:paragraph -->\n\n<!-- wp:paragraph -->\n<p>Burkina Faso ligger i Sahelomr\u00e5det, dvs nederkanten av Sahara\u00f6knen och har ingen egen kust. Detta f\u00f6rsv\u00e5rar uppbyggnaden av export och import, i och med att transport- och tullkostnader, g\u00f6r det sv\u00e5rt att konkurrera p\u00e5 v\u00e4rldsmarknaden. 80% av befolkningen lever fortfarande p\u00e5 sj\u00e4lvhush\u00e5llande jordbruk och 70 % av den vuxna befolkningen \u00e4r analfabeter. Enligt UNDP:s Human Development Index, ligger Burkina Faso p\u00e5 plats 183 av sammanlagt 186 l\u00e4nder, och \u00e4r d\u00e4rmed v\u00e4rldens tredje fattigaste land. Den allm\u00e4nna sjukv\u00e5rden har oerh\u00f6rda brister och saknar n\u00e4stan allt: personal, sterila milj\u00f6er, utrustning och lokaler. Bristen p\u00e5 tandl\u00e4kare och tandv\u00e5rd \u00e4r utbredd. Det finns 4 utbildade tandl\u00e4kare i kommunen Ziniare med ca 65 000 inv\u00e5nare.<\/p>\n<!-- \/wp:paragraph -->\n\n<!-- wp:image {\"id\":1170,\"sizeSlug\":\"full\",\"linkDestination\":\"none\"} -->\n<figure class=\"wp-block-image size-full\"><img src=\"https:\/\/tandlakareutangranser.se\/wp-content\/uploads\/2022\/04\/IMG_20190225_174714-1024x768-1.jpeg\" alt=\"\" class=\"wp-image-1170\"\/><figcaption>rhdr<\/figcaption><\/figure>\n<!-- \/wp:image -->\n\n<!-- wp:paragraph -->\n<p>V\u00e5r samarbetspartner f\u00f6r TLUG i Burkina Faso \u00e4r den svenska ideella organisationen Yennenga Progress som aktivt medverkar till samh\u00e4llsbyggande genom att utveckla konceptet Den goda byn. Det som b\u00f6rjade med en f\u00f6rskola i byn Nakamtenga, i Burkina Faso, har sedan 2001 utvecklats till ett helt samh\u00e4lle under tillv\u00e4xt. <\/p>\n<!-- \/wp:paragraph -->\n\n<!-- wp:paragraph -->\n<p>Du kan l\u00e4sa mer om Yennenga Progress p\u00e5 yennengaprogress.se<\/p>\n<!-- \/wp:paragraph -->\n\n<!-- wp:image {\"align\":\"center\",\"id\":1176,\"width\":522,\"height\":173,\"sizeSlug\":\"large\",\"linkDestination\":\"custom\"} -->\n<div class=\"wp-block-image\"><figure class=\"aligncenter size-large is-resized\"><img src=\"https:\/\/tandlakareutangranser.se\/wp-content\/uploads\/2022\/04\/Yennenga-Logga_darkblue-kopia-1024x341.jpg\" alt=\"\" class=\"wp-image-1176\" width=\"522\" height=\"173\"\/><\/figure><\/div>\n<!-- \/wp:image -->\n\n<!-- wp:paragraph -->\n<p>Generellt har tandh\u00e4lsan i omr\u00e5det f\u00f6rs\u00e4mrats. I och med en v\u00e4xande medelklass och m\u00f6jligheten att k\u00f6pa mat, har konsumtionen av socker \u00f6kat. Detta i kombination med bristande kunskap om f\u00f6rebyggande tandv\u00e5rd har lett till \u00f6kad kariesf\u00f6rekomst och dentala problem.<\/p>\n<!-- \/wp:paragraph -->\n\n<!-- wp:paragraph -->\n<p>Projektet \u00e4r nystartat och f\u00f6rsta volont\u00e4rgruppen skickas ner i november 2019. Vi kommer att arbeta i byn Nakamtenga med deras f\u00f6rskola och grundskola samt med en f\u00f6rskola i en n\u00e4rliggande by Monomtenga. I Nakamtenga finns en ny\u00f6ppnad tandl\u00e4karklinik som \u00e4n s\u00e5 l\u00e4nge anv\u00e4nds enbart n\u00e4r TLUG \u00e4r p\u00e5 plats och drivs i kombination med v\u00e5rdcentralen Dr Denis Mukwege Center.<\/p>\n<!-- \/wp:paragraph -->\n\n<!-- wp:image {\"id\":1172,\"sizeSlug\":\"full\",\"linkDestination\":\"none\"} -->\n<figure class=\"wp-block-image size-full\"><img src=\"https:\/\/tandlakareutangranser.se\/wp-content\/uploads\/2022\/04\/IMG_20190228_094246-1024x768-1.jpeg\" alt=\"\" class=\"wp-image-1172\"\/><figcaption>cof<\/figcaption><\/figure>\n<!-- \/wp:image -->\n\n<!-- wp:paragraph -->\n<p>Volont\u00e4rresorna p\u00e5g\u00e5r i tv\u00e5 veckor och kommer att ske under november samt mars m\u00e5naderna. Samtliga yrkeskategorierna \u00e4r v\u00e4lkomna att s\u00f6ka: tandl\u00e4kare, tandhygienister, tandsk\u00f6terskor samt studenter. Volont\u00e4rerna st\u00e5r sj\u00e4lva f\u00f6r flygresan, vaccinationer, f\u00f6rs\u00e4kringar och privata utflykter. Mat, boende och transport under arbetsveckorna erbjuds kostnadsfritt.<\/p>\n<!-- \/wp:paragraph -->\n\n<!-- wp:paragraph -->\n<p>M\u00e5let \u00e4r att uppn\u00e5 en l\u00e5ngsiktig f\u00f6rb\u00e4ttrad oral h\u00e4lsa. Genom l\u00e5ngsiktighet ska projektet ha en positiv och kontinuerlig p\u00e5verkan f\u00f6r s\u00e5 m\u00e5nga m\u00e4nniskor som m\u00f6jligt. Syftet \u00e4r att arbeta med hj\u00e4lp till sj\u00e4lvhj\u00e4lp f\u00f6r att undvika en beroendest\u00e4llning mellan ber\u00f6rda samarbetspartners och landet i fr\u00e5ga.<\/p>\n<!-- \/wp:paragraph -->\n\n<!-- wp:paragraph -->\n<p>Det du som volont\u00e4r kan f\u00f6rv\u00e4nta dig \u00e4r utbildning i oral h\u00e4lsa och hygien samt kostvanor, f\u00f6rebyggande v\u00e5rd samt viss akutbehandling till eleverna. Det kommer \u00e4ven att startas upp tandborstprojekt som inneb\u00e4r att barnen borstat t\u00e4nderna under \u00f6vervakning varje dag i skolan.<\/p>\n<!-- \/wp:paragraph -->\n\n<!-- wp:image {\"id\":1173,\"sizeSlug\":\"full\",\"linkDestination\":\"none\"} -->\n<figure class=\"wp-block-image size-full\"><img src=\"https:\/\/tandlakareutangranser.se\/wp-content\/uploads\/2022\/04\/IMG_20190227_104300_1-1024x768-1.jpeg\" alt=\"\" class=\"wp-image-1173\"\/><figcaption>cof<\/figcaption><\/figure>\n<!-- \/wp:image -->\n\n<!-- wp:paragraph -->\n<p><br>L\u00e4s g\u00e4rna<strong>\u00a0<a href=\"\/blog\/\">reseber\u00e4ttelsen fr\u00e5n senaste projekt<\/a><a href=\"http:\/\/www.tandlakareutangranser.se\/reseberattalser\/\">,<\/a><\/strong><a href=\"http:\/\/www.tandlakareutangranser.se\/reseberattalser\/\">\u00a0<\/a>och\u00a0<strong><a href=\"https:\/\/youtu.be\/D6bDpvTdM9w\">klicka h\u00e4r<\/a><\/strong><a href=\"https:\/\/youtu.be\/D6bDpvTdM9w\">\u00a0<\/a>f\u00f6r att se en video om projektet fr\u00e5n februari 2019. D\u00e4r f\u00e5r du mer information och en k\u00e4nsla av hur det \u00e4r att delta i Tandl\u00e4kare Utan Gr\u00e4nsers volont\u00e4rprojekt!<\/p>\n<!-- \/wp:paragraph -->\n\n<!-- wp:separator -->\n<hr class=\"wp-block-separator\"\/>\n<!-- \/wp:separator -->\n\n<!-- wp:heading {\"level\":1} -->\n<h1><strong>ANM\u00c4LAN:<\/strong><\/h1>\n<!-- \/wp:heading -->\n\n<!-- wp:paragraph -->\n<p>Skicka din anm\u00e4lan till&nbsp;<strong><a href=\"mailto:%20alexandra@tandlakareutangranser.se\">alexandra@tandlakareutangranser.se<\/a><\/strong><\/p>\n<!-- \/wp:paragraph -->\n\n<!-- wp:paragraph -->\n<p>F\u00f6ljande information \u00f6nskar vi ha fr\u00e5n dig:<\/p>\n<!-- \/wp:paragraph -->\n\n<!-- wp:paragraph -->\n<p>1.-Namn, efternamn<\/p>\n<!-- \/wp:paragraph -->\n\n<!-- wp:paragraph -->\n<p>2.- Yrkeskategori och yrkesverksamma \u00e5r<\/p>\n<!-- \/wp:paragraph -->\n\n<!-- wp:paragraph -->\n<p>3.- Har du varit volont\u00e4r tidigare i Sverige eller utlandet? I s\u00e5 fall n\u00e4r och var?<\/p>\n<!-- \/wp:paragraph -->\n\n<!-- wp:paragraph -->\n<p>4.- Varf\u00f6r vill du vara volont\u00e4r hos oss?<\/p>\n<!-- \/wp:paragraph -->\n\n<!-- wp:paragraph -->\n<p>5.- Personlig motivering och din syn p\u00e5 vad du kan tillf\u00f6ra projektet<\/p>\n<!-- \/wp:paragraph -->\n\n<!-- wp:paragraph -->\n<p>Vi kommer att svara s\u00e5 fort vi kan!<\/p>\n<!-- \/wp:paragraph -->","_et_gb_content_width":"","inline_featured_image":false,"_themeisle_gutenberg_block_has_review":false,"footnotes":""},"class_list":["post-2885","page","type-page","status-publish","hentry"],"_links":{"self":[{"href":"https:\/\/tandlakareutangranser.se\/en\/wp-json\/wp\/v2\/pages\/2885","targetHints":{"allow":["GET"]}}],"collection":[{"href":"https:\/\/tandlakareutangranser.se\/en\/wp-json\/wp\/v2\/pages"}],"about":[{"href":"https:\/\/tandlakareutangranser.se\/en\/wp-json\/wp\/v2\/types\/page"}],"author":[{"embeddable":true,"href":"https:\/\/tandlakareutangranser.se\/en\/wp-json\/wp\/v2\/users\/5"}],"replies":[{"embeddable":true,"href":"https:\/\/tandlakareutangranser.se\/en\/wp-json\/wp\/v2\/comments?post=2885"}],"version-history":[{"count":9,"href":"https:\/\/tandlakareutangranser.se\/en\/wp-json\/wp\/v2\/pages\/2885\/revisions"}],"predecessor-version":[{"id":2930,"href":"https:\/\/tandlakareutangranser.se\/en\/wp-json\/wp\/v2\/pages\/2885\/revisions\/2930"}],"wp:attachment":[{"href":"https:\/\/tandlakareutangranser.se\/en\/wp-json\/wp\/v2\/media?parent=2885"}],"curies":[{"name":"wp","href":"https:\/\/api.w.org\/{rel}","templated":true}]}}